{"id":1597,"date":"2026-01-16T09:07:57","date_gmt":"2026-01-16T09:07:57","guid":{"rendered":"https:\/\/rckrb.hr\/new2\/?page_id=1597"},"modified":"2026-01-28T13:33:17","modified_gmt":"2026-01-28T13:33:17","slug":"konferencijska-dvorana","status":"publish","type":"page","link":"https:\/\/rckrb.hr\/new2\/konferencijska-dvorana\/","title":{"rendered":"Konferencijska dvorana"},"content":{"rendered":"\t\t<div data-elementor-type=\"wp-page\" data-elementor-id=\"1597\" class=\"elementor elementor-1597\">\n\t\t\t\t\t\t<section class=\"elementor-section elementor-top-section elementor-element elementor-element-73f3200 elementor-section-boxed elementor-section-height-default elementor-section-height-default\" data-id=\"73f3200\" data-element_type=\"section\" data-settings=\"{&quot;jet_parallax_layout_list&quot;:[]}\">\n\t\t\t\t\t\t<div class=\"elementor-container elementor-column-gap-default\">\n\t\t\t\t\t<div class=\"elementor-column elementor-col-100 elementor-top-column elementor-element elementor-element-9b245bf\" data-id=\"9b245bf\" data-element_type=\"column\">\n\t\t\t<div class=\"elementor-widget-wrap elementor-element-populated\">\n\t\t\t\t\t\t<section class=\"elementor-section elementor-inner-section elementor-element elementor-element-6b74c9c elementor-section-content-top elementor-reverse-mobile elementor-section-full_width elementor-section-height-default elementor-section-height-default\" data-id=\"6b74c9c\" data-element_type=\"section\" data-settings=\"{&quot;jet_parallax_layout_list&quot;:[{&quot;_id&quot;:&quot;90b934f&quot;,&quot;jet_parallax_layout_image&quot;:{&quot;url&quot;:&quot;&quot;,&quot;id&quot;:&quot;&quot;,&quot;size&quot;:&quot;&quot;},&quot;jet_parallax_layout_image_tablet&quot;:{&quot;url&quot;:&quot;&quot;,&quot;id&quot;:&quot;&quot;,&quot;size&quot;:&quot;&quot;},&quot;jet_parallax_layout_image_mobile&quot;:{&quot;url&quot;:&quot;&quot;,&quot;id&quot;:&quot;&quot;,&quot;size&quot;:&quot;&quot;},&quot;jet_parallax_layout_speed&quot;:{&quot;unit&quot;:&quot;%&quot;,&quot;size&quot;:50,&quot;sizes&quot;:[]},&quot;jet_parallax_layout_type&quot;:&quot;scroll&quot;,&quot;jet_parallax_layout_direction&quot;:null,&quot;jet_parallax_layout_fx_direction&quot;:null,&quot;jet_parallax_layout_z_index&quot;:&quot;&quot;,&quot;jet_parallax_layout_bg_x&quot;:50,&quot;jet_parallax_layout_bg_x_tablet&quot;:&quot;&quot;,&quot;jet_parallax_layout_bg_x_mobile&quot;:&quot;&quot;,&quot;jet_parallax_layout_bg_y&quot;:50,&quot;jet_parallax_layout_bg_y_tablet&quot;:&quot;&quot;,&quot;jet_parallax_layout_bg_y_mobile&quot;:&quot;&quot;,&quot;jet_parallax_layout_bg_size&quot;:&quot;auto&quot;,&quot;jet_parallax_layout_bg_size_tablet&quot;:&quot;&quot;,&quot;jet_parallax_layout_bg_size_mobile&quot;:&quot;&quot;,&quot;jet_parallax_layout_animation_prop&quot;:&quot;transform&quot;,&quot;jet_parallax_layout_on&quot;:[&quot;desktop&quot;,&quot;tablet&quot;]}]}\">\n\t\t\t\t\t\t<div class=\"elementor-container elementor-column-gap-default\">\n\t\t\t\t\t<div class=\"elementor-column elementor-col-50 elementor-inner-column elementor-element elementor-element-dec9ae5\" data-id=\"dec9ae5\" data-element_type=\"column\">\n\t\t\t<div class=\"elementor-widget-wrap elementor-element-populated\">\n\t\t\t\t\t\t<div class=\"elementor-element elementor-element-4b805df elementor-widget elementor-widget-heading\" data-id=\"4b805df\" data-element_type=\"widget\" data-widget_type=\"heading.default\">\n\t\t\t\t<div class=\"elementor-widget-container\">\n\t\t\t<h1 class=\"elementor-heading-title elementor-size-default\">Regionalni centar kompetentnosti Ru\u0111er Bo\u0161kovi\u0107<\/h1>\t\t<\/div>\n\t\t\t\t<\/div>\n\t\t\t\t<div class=\"elementor-element elementor-element-479413a elementor-widget elementor-widget-jet-headline\" data-id=\"479413a\" data-element_type=\"widget\" data-widget_type=\"jet-headline.default\">\n\t\t\t\t<div class=\"elementor-widget-container\">\n\t\t\t<h2 class=\"jet-headline jet-headline--direction-horizontal\"><span class=\"jet-headline__part jet-headline__second\"><span class=\"jet-headline__label\">Konferencijska dvorana<\/span><\/span><\/h2>\t\t<\/div>\n\t\t\t\t<\/div>\n\t\t\t\t<div class=\"elementor-element elementor-element-494e508 elementor-widget-divider--view-line elementor-widget elementor-widget-divider\" data-id=\"494e508\" data-element_type=\"widget\" data-widget_type=\"divider.default\">\n\t\t\t\t<div class=\"elementor-widget-container\">\n\t\t\t\t\t<div class=\"elementor-divider\">\n\t\t\t<span class=\"elementor-divider-separator\">\n\t\t\t\t\t\t<\/span>\n\t\t<\/div>\n\t\t\t\t<\/div>\n\t\t\t\t<\/div>\n\t\t\t\t\t<\/div>\n\t\t<\/div>\n\t\t\t\t<div class=\"elementor-column elementor-col-50 elementor-inner-column elementor-element elementor-element-1ca8e82\" data-id=\"1ca8e82\" data-element_type=\"column\">\n\t\t\t<div class=\"elementor-widget-wrap elementor-element-populated\">\n\t\t\t\t\t\t<div class=\"elementor-element elementor-element-e2e9ad6 elementor-shape-circle e-grid-align-right elementor-widget__width-inherit e-grid-align-mobile-left elementor-widget-mobile__width-inherit elementor-grid-0 elementor-widget elementor-widget-social-icons\" data-id=\"e2e9ad6\" data-element_type=\"widget\" data-widget_type=\"social-icons.default\">\n\t\t\t\t<div class=\"elementor-widget-container\">\n\t\t\t\t\t<div class=\"elementor-social-icons-wrapper elementor-grid\">\n\t\t\t\t\t\t\t<span class=\"elementor-grid-item\">\n\t\t\t\t\t<a class=\"elementor-icon elementor-social-icon elementor-social-icon-linkedin-in elementor-repeater-item-7914b83\" href=\"#\" target=\"_blank\">\n\t\t\t\t\t\t<span class=\"elementor-screen-only\">Linkedin-in<\/span>\n\t\t\t\t\t\t<i class=\"fab fa-linkedin-in\"><\/i>\t\t\t\t\t<\/a>\n\t\t\t\t<\/span>\n\t\t\t\t\t\t\t<span class=\"elementor-grid-item\">\n\t\t\t\t\t<a class=\"elementor-icon elementor-social-icon elementor-social-icon-twitter elementor-repeater-item-1faa3c0\" href=\"#\" target=\"_blank\">\n\t\t\t\t\t\t<span class=\"elementor-screen-only\">Twitter<\/span>\n\t\t\t\t\t\t<i class=\"fab fa-twitter\"><\/i>\t\t\t\t\t<\/a>\n\t\t\t\t<\/span>\n\t\t\t\t\t\t\t<span class=\"elementor-grid-item\">\n\t\t\t\t\t<a class=\"elementor-icon elementor-social-icon elementor-social-icon-facebook-f elementor-repeater-item-f423952\" href=\"#\" target=\"_blank\">\n\t\t\t\t\t\t<span class=\"elementor-screen-only\">Facebook-f<\/span>\n\t\t\t\t\t\t<i class=\"fab fa-facebook-f\"><\/i>\t\t\t\t\t<\/a>\n\t\t\t\t<\/span>\n\t\t\t\t\t\t\t<span class=\"elementor-grid-item\">\n\t\t\t\t\t<a class=\"elementor-icon elementor-social-icon elementor-social-icon-google-plus-g elementor-repeater-item-9cdb1ad\" href=\"#\" target=\"_blank\">\n\t\t\t\t\t\t<span class=\"elementor-screen-only\">Google-plus-g<\/span>\n\t\t\t\t\t\t<i class=\"fab fa-google-plus-g\"><\/i>\t\t\t\t\t<\/a>\n\t\t\t\t<\/span>\n\t\t\t\t\t\t\t<span class=\"elementor-grid-item\">\n\t\t\t\t\t<a class=\"elementor-icon elementor-social-icon elementor-social-icon-medium elementor-repeater-item-ba0c34a\" href=\"#\" target=\"_blank\">\n\t\t\t\t\t\t<span class=\"elementor-screen-only\">Medium<\/span>\n\t\t\t\t\t\t<i class=\"fab fa-medium\"><\/i>\t\t\t\t\t<\/a>\n\t\t\t\t<\/span>\n\t\t\t\t\t<\/div>\n\t\t\t\t<\/div>\n\t\t\t\t<\/div>\n\t\t\t\t\t<\/div>\n\t\t<\/div>\n\t\t\t\t\t<\/div>\n\t\t<\/section>\n\t\t\t\t<div class=\"elementor-element elementor-element-fa19880 elementor-widget elementor-widget-text-editor\" data-id=\"fa19880\" data-element_type=\"widget\" data-widget_type=\"text-editor.default\">\n\t\t\t\t<div class=\"elementor-widget-container\">\n\t\t\t\t\t\t\t<p>U sklopu Regionalnog centra kompetentnosti Ru\u0111era Bo\u0161kovi\u0107a (RCK RB), pored ostalih aktivnosti vezanih za strukovno obrazovanje, iznajmljujemo konferencijsku dvoranu za razli\u010dita doga\u0111anja kao \u0161to su predavanja, konferencije, radionice, prezentacije i sl. Konferencijska je dvorana multifunkcionalna s pomi\u010dnim, akusti\u010dki izoliranim vratima koja mogu podijeliti dvoranu na vi\u0161e dijelova te se istodobno mogu odvijati dva razli\u010dita doga\u0111anja. Za sudionike doga\u0111anja posjedujemo dovoljno parkirnih mjesta unutar samog kruga RCK RB-a.<br \/>Regionalni centar kompetentnosti Ru\u0111era Bo\u0161kovi\u0107a tehnolo\u0161ki je i koncepcijski jedan od najmodernijih i najopremljenijih centara u podru\u010dju elektrotehnike i ra\u010dunalstva, kako u Republici Hrvatskoj, tako i Europskoj uniji te su upravo iz tog razloga usluge koje pru\u017ea na\u0161 RCK najbolji izbor za vas. Tako\u0111er, financijska sredstva prikupljena od usluga koje pru\u017ea RCK RB utro\u0161it \u0107e se za odr\u017eavanje \u0161kole, a za op\u0107u dobrobit mladih i dru\u0161tva u cjelini.<\/p><h4>Usluge:<\/h4><ul><li>najam konferencijske dvorane 2 (kapaciteta do 70 osoba, povr\u0161ine 72 m2), projektor i platno, plo\u010da, pametna plo\u010da, be\u017ei\u010dni internet<\/li><\/ul><p><img fetchpriority=\"high\" decoding=\"async\" class=\"aligncenter wp-image-1607\" src=\"https:\/\/rckrb.hr\/new2\/wp-content\/uploads\/2026\/01\/rck-konf-01-1024x683.webp\" alt=\"rck-konferencijska dvorana\" width=\"620\" height=\"413\" srcset=\"https:\/\/rckrb.hr\/new2\/wp-content\/uploads\/2026\/01\/rck-konf-01-1024x683.webp 1024w, https:\/\/rckrb.hr\/new2\/wp-content\/uploads\/2026\/01\/rck-konf-01-300x200.webp 300w, https:\/\/rckrb.hr\/new2\/wp-content\/uploads\/2026\/01\/rck-konf-01-768x512.webp 768w, https:\/\/rckrb.hr\/new2\/wp-content\/uploads\/2026\/01\/rck-konf-01-370x247.webp 370w, https:\/\/rckrb.hr\/new2\/wp-content\/uploads\/2026\/01\/rck-konf-01.webp 1360w\" sizes=\"(max-width: 620px) 100vw, 620px\" \/><\/p><ul><li>najam konferencijske dvorane 1 (kapaciteta do 100 osoba, povr\u0161ine 90m2), be\u017ei\u010dni i \u017ei\u010dni mikrofoni s razglasom, projektor i platno, plo\u010da, pametna plo\u010da, be\u017ei\u010dni internet<\/li><\/ul><p><img decoding=\"async\" class=\"aligncenter wp-image-1611\" src=\"https:\/\/rckrb.hr\/new2\/wp-content\/uploads\/2026\/01\/rck-konf-02-1024x682.webp\" alt=\"rck-konferencijska dvorana\" width=\"620\" height=\"413\" srcset=\"https:\/\/rckrb.hr\/new2\/wp-content\/uploads\/2026\/01\/rck-konf-02-1024x682.webp 1024w, https:\/\/rckrb.hr\/new2\/wp-content\/uploads\/2026\/01\/rck-konf-02-300x200.webp 300w, https:\/\/rckrb.hr\/new2\/wp-content\/uploads\/2026\/01\/rck-konf-02-768x512.webp 768w, https:\/\/rckrb.hr\/new2\/wp-content\/uploads\/2026\/01\/rck-konf-02-370x246.webp 370w, https:\/\/rckrb.hr\/new2\/wp-content\/uploads\/2026\/01\/rck-konf-02.webp 1360w\" sizes=\"(max-width: 620px) 100vw, 620px\" \/> <img decoding=\"async\" class=\"aligncenter wp-image-1612\" src=\"https:\/\/rckrb.hr\/new2\/wp-content\/uploads\/2026\/01\/rck-konf-03-1024x682.webp\" alt=\"\" width=\"620\" height=\"413\" srcset=\"https:\/\/rckrb.hr\/new2\/wp-content\/uploads\/2026\/01\/rck-konf-03-1024x682.webp 1024w, https:\/\/rckrb.hr\/new2\/wp-content\/uploads\/2026\/01\/rck-konf-03-300x200.webp 300w, https:\/\/rckrb.hr\/new2\/wp-content\/uploads\/2026\/01\/rck-konf-03-768x512.webp 768w, https:\/\/rckrb.hr\/new2\/wp-content\/uploads\/2026\/01\/rck-konf-03-370x246.webp 370w, https:\/\/rckrb.hr\/new2\/wp-content\/uploads\/2026\/01\/rck-konf-03.webp 1360w\" sizes=\"(max-width: 620px) 100vw, 620px\" \/><\/p><ul><li>najam konferencijskih dvorana 1 i 2 (kapaciteta do 170 osoba, povr\u0161ine 162 m2), be\u017ei\u010dni i \u017ei\u010dni mikrofoni s razglasom, projektor i platno, plo\u010da, pametna plo\u010da, be\u017ei\u010dni internet<\/li><\/ul><p><img loading=\"lazy\" decoding=\"async\" class=\"aligncenter wp-image-1619\" src=\"https:\/\/rckrb.hr\/new2\/wp-content\/uploads\/2026\/01\/rck-konf-04.webp\" alt=\"rck-konferencijska dvorana\" width=\"620\" height=\"351\" srcset=\"https:\/\/rckrb.hr\/new2\/wp-content\/uploads\/2026\/01\/rck-konf-04.webp 601w, https:\/\/rckrb.hr\/new2\/wp-content\/uploads\/2026\/01\/rck-konf-04-300x170.webp 300w, https:\/\/rckrb.hr\/new2\/wp-content\/uploads\/2026\/01\/rck-konf-04-370x209.webp 370w\" sizes=\"(max-width: 620px) 100vw, 620px\" \/> <img loading=\"lazy\" decoding=\"async\" class=\"aligncenter wp-image-1620\" src=\"https:\/\/rckrb.hr\/new2\/wp-content\/uploads\/2026\/01\/rck-konf-05.webp\" alt=\"\" width=\"620\" height=\"351\" srcset=\"https:\/\/rckrb.hr\/new2\/wp-content\/uploads\/2026\/01\/rck-konf-05.webp 601w, https:\/\/rckrb.hr\/new2\/wp-content\/uploads\/2026\/01\/rck-konf-05-300x170.webp 300w, https:\/\/rckrb.hr\/new2\/wp-content\/uploads\/2026\/01\/rck-konf-05-370x209.webp 370w\" sizes=\"(max-width: 620px) 100vw, 620px\" \/><\/p><ul><li>pru\u017eanje usluge posredovanja pri nabavi hrane i bezalkoholnih pi\u0107a<\/li><li>pru\u017eanje usluge snimanja te obrade zvuka i slike, kao i pru\u017eanje usluge prijenosa zvuka i slike u\u017eivo na odre\u0111enim digitalnim dru\u0161tvenim platformama.<\/li><\/ul><p>Cijene najma su prema dogovoru (na upit).<\/p>\t\t\t\t\t\t<\/div>\n\t\t\t\t<\/div>\n\t\t\t\t\t<\/div>\n\t\t<\/div>\n\t\t\t\t\t<\/div>\n\t\t<\/section>\n\t\t\t\t<section class=\"elementor-section elementor-top-section elementor-element elementor-element-42ead50 elementor-section-content-middle elementor-section-boxed elementor-section-height-default elementor-section-height-default\" data-id=\"42ead50\" data-element_type=\"section\" data-settings=\"{&quot;jet_parallax_layout_list&quot;:[]}\">\n\t\t\t\t\t\t<div class=\"elementor-container elementor-column-gap-default\">\n\t\t\t\t\t<div class=\"elementor-column elementor-col-33 elementor-top-column elementor-element elementor-element-2bf20ff\" data-id=\"2bf20ff\" data-element_type=\"column\">\n\t\t\t<div class=\"elementor-widget-wrap elementor-element-populated\">\n\t\t\t\t\t\t<div class=\"elementor-element elementor-element-0808bd0 elementor-widget elementor-widget-image\" data-id=\"0808bd0\" data-element_type=\"widget\" data-widget_type=\"image.default\">\n\t\t\t\t<div class=\"elementor-widget-container\">\n\t\t\t\t\t\t\t\t\t\t\t\t\t<img decoding=\"async\" src=\"https:\/\/rckrb.hr\/new2\/wp-content\/uploads\/elementor\/thumbs\/cropped-RCK_RB_logo600x741-1-plurlke6zbz5rct7zn805my5dmkl3u86uhrfirb2e4.webp\" title=\"cropped-RCK_RB_logo600x741-1.webp\" alt=\"cropped-RCK_RB_logo600x741-1.webp\" loading=\"lazy\" \/>\t\t\t\t\t\t\t\t\t\t\t\t\t<\/div>\n\t\t\t\t<\/div>\n\t\t\t\t\t<\/div>\n\t\t<\/div>\n\t\t\t\t<div class=\"elementor-column elementor-col-66 elementor-top-column elementor-element elementor-element-8ebb0f9\" data-id=\"8ebb0f9\" data-element_type=\"column\">\n\t\t\t<div class=\"elementor-widget-wrap elementor-element-populated\">\n\t\t\t\t\t\t<div class=\"elementor-element elementor-element-aef735b elementor-widget elementor-widget-text-editor\" data-id=\"aef735b\" data-element_type=\"widget\" data-widget_type=\"text-editor.default\">\n\t\t\t\t<div class=\"elementor-widget-container\">\n\t\t\t\t\t\t\t<h4>Kontakt:<\/h4><p>Ervin Palanovi\u0107, voditelj projekta<br \/>Tehni\u010dka \u0161kola Ru\u0111era Bo\u0161kovi\u0107a<br \/>Getaldi\u0107eva 4, 10000 Zagreb<br \/>Email: <a href=\"mailto:ervin.palanovic@gmail.com\">ervin.palanovic@gmail.com<\/a><br \/>mob: <a href=\"tel:+385 98 1859 047\">+385 98 1859 047<\/a><\/p>\t\t\t\t\t\t<\/div>\n\t\t\t\t<\/div>\n\t\t\t\t\t<\/div>\n\t\t<\/div>\n\t\t\t\t\t<\/div>\n\t\t<\/section>\n\t\t\t\t<\/div>\n\t\t","protected":false},"excerpt":{"rendered":"<p>Regionalni centar kompetentnosti Ru\u0111er Bo\u0161kovi\u0107 Konferencijska dvorana Linkedin-in Twitter Facebook-f Google-plus-g Medium U sklopu Regionalnog centra kompetentnosti Ru\u0111era Bo\u0161kovi\u0107a (RCK RB), pored ostalih aktivnosti vezanih za strukovno obrazovanje, iznajmljujemo konferencijsku dvoranu za razli\u010dita doga\u0111anja kao \u0161to su predavanja, konferencije, radionice, prezentacije i sl. Konferencijska je dvorana multifunkcionalna s pomi\u010dnim, akusti\u010dki izoliranim vratima koja mogu podijeliti [&hellip;]<\/p>\n","protected":false},"author":1,"featured_media":0,"parent":0,"menu_order":0,"comment_status":"closed","ping_status":"closed","template":"elementor_header_footer","meta":{"footnotes":""},"class_list":["post-1597","page","type-page","status-publish","hentry","no-thumb"],"_links":{"self":[{"href":"https:\/\/rckrb.hr\/new2\/wp-json\/wp\/v2\/pages\/1597","targetHints":{"allow":["GET"]}}],"collection":[{"href":"https:\/\/rckrb.hr\/new2\/wp-json\/wp\/v2\/pages"}],"about":[{"href":"https:\/\/rckrb.hr\/new2\/wp-json\/wp\/v2\/types\/page"}],"author":[{"embeddable":true,"href":"https:\/\/rckrb.hr\/new2\/wp-json\/wp\/v2\/users\/1"}],"replies":[{"embeddable":true,"href":"https:\/\/rckrb.hr\/new2\/wp-json\/wp\/v2\/comments?post=1597"}],"version-history":[{"count":32,"href":"https:\/\/rckrb.hr\/new2\/wp-json\/wp\/v2\/pages\/1597\/revisions"}],"predecessor-version":[{"id":1696,"href":"https:\/\/rckrb.hr\/new2\/wp-json\/wp\/v2\/pages\/1597\/revisions\/1696"}],"wp:attachment":[{"href":"https:\/\/rckrb.hr\/new2\/wp-json\/wp\/v2\/media?parent=1597"}],"curies":[{"name":"wp","href":"https:\/\/api.w.org\/{rel}","templated":true}]}}